{"id":2800,"date":"2017-11-11T09:24:04","date_gmt":"2017-11-11T09:24:04","guid":{"rendered":"http:\/\/www.estibalizmartyn.com\/trayectoria\/"},"modified":"2023-04-25T11:20:27","modified_gmt":"2023-04-25T11:20:27","slug":"trayectoria","status":"publish","type":"page","link":"https:\/\/www.estibalizmartyn.com\/it\/trayectoria\/","title":{"rendered":"DATE PRECEDENTI \/ PERCORSO DI CARRIERA"},"content":{"rendered":"<p>[vc_row equal_height=&#8221;&#8221; background_type=&#8221;image&#8221; background_color=&#8221;white&#8221; background_effect=&#8221;zoomin&#8221; shift_y=&#8221;0&#8243; z_index=&#8221;0&#8243; row_name=&#8221;Agenda&#8221;][vc_column][vc_row_inner equal_height=&#8221;yes&#8221; el_class=&#8221;agendarow&#8221;][vc_column_inner width=&#8221;1\/3&#8243;][vc_column_text]<strong>26 MAGGIO 2023<\/strong> \u2013 Palazzo Carlos de Amberes, Madrid. Diretto da Catherine LACOSTE[\/vc_column_text][\/vc_column_inner][vc_column_inner content_placement=&#8221;default&#8221; width=&#8221;1\/3&#8243; text_alignement=&#8221;center&#8221;][vc_column_text]Concerto e prima delle opere. Compositore: \u00c1ngel G. Pi\u00f1ero. Direttore artistico: Catherine Lacoste. Soprano: Est\u00edbaliz Martyn. Chitarra: Stanislav Stesenkov[\/vc_column_text][\/vc_column_inner][vc_column_inner content_placement=&#8221;default&#8221; width=&#8221;1\/3&#8243; text_alignement=&#8221;right&#8221;][vc_button title=&#8221;TICKETS &amp; INFO&#8221; shape=&#8221;rounded-less&#8221; align=&#8221;right&#8221; font_weight=&#8221;400&#8243; link=&#8221;url:http%3A%2F%2Fwww.estibalizmartyn.com|||&#8221;][\/vc_column_inner][\/vc_row_inner][vc_row_inner equal_height=&#8221;yes&#8221; el_class=&#8221;agendarow&#8221;][vc_column_inner width=&#8221;1\/3&#8243;][vc_column_text]<strong>27 MARZO 2023 \u2013 Auditorium Nazionale di Musica di Madrid<\/strong> 50\u00b0 Anniversario CINA-SPAGNA Relazioni Diplomatiche[\/vc_column_text][\/vc_column_inner][vc_column_inner content_placement=&#8221;default&#8221; width=&#8221;1\/3&#8243; text_alignement=&#8221;center&#8221;][vc_column_text]Concerto con l&#8217;Orchestra Nazionale Tradizionale Cinese. Soprano: Estibaliz Martyn. Diretto da Rub\u00e9n Gimeno[\/vc_column_text][\/vc_column_inner][vc_column_inner content_placement=&#8221;default&#8221; width=&#8221;1\/3&#8243; text_alignement=&#8221;right&#8221;][vc_button title=&#8221;TICKETS &amp; INFO&#8221; shape=&#8221;rounded-less&#8221; align=&#8221;right&#8221; font_weight=&#8221;400&#8243; link=&#8221;url:http%3A%2F%2Fwww.estibalizmartyn.com|||&#8221;][\/vc_column_inner][\/vc_row_inner][vc_row_inner equal_height=&#8221;yes&#8221; el_class=&#8221;agendarow&#8221;][vc_column_inner width=&#8221;1\/3&#8243;][vc_column_text]<strong>FEBBRAIO-MARZO 2023 Concerto a Dubai (Burj Khalifa)<\/strong>, Emirati Arabi Uniti[\/vc_column_text][\/vc_column_inner][vc_column_inner content_placement=&#8221;default&#8221; width=&#8221;1\/3&#8243; text_alignement=&#8221;center&#8221;][vc_column_text]Gala\/ Concerto \u2013 Soprano Estibaliz Martyn (Burj Khalifa\/ Dubai Mall). Dubai, Emirati Arabi Uniti[\/vc_column_text][\/vc_column_inner][vc_column_inner content_placement=&#8221;default&#8221; width=&#8221;1\/3&#8243; text_alignement=&#8221;right&#8221;][vc_button title=&#8221;TICKETS &amp; INFO&#8221; shape=&#8221;rounded-less&#8221; align=&#8221;right&#8221; font_weight=&#8221;400&#8243; link=&#8221;url:http%3A%2F%2Fwww.estibalizmartyn.com|||&#8221;][\/vc_column_inner][\/vc_row_inner][vc_row_inner equal_height=&#8221;yes&#8221; el_class=&#8221;agendarow&#8221;][vc_column_inner width=&#8221;1\/3&#8243;][vc_column_text]<strong>MARZO 2023 \u2013<\/strong>Madrid Fashion Week 2023. Cibeles Catwalk 2023[\/vc_column_text][\/vc_column_inner][vc_column_inner content_placement=&#8221;default&#8221; width=&#8221;1\/3&#8243; text_alignement=&#8221;center&#8221;][vc_column_text]Modella e Soprano\/ Interprete alla Pasarela Cibeles 2023. Firma: PEDRO DEL HIERRO. Sfilata Opera Prima. Madrid Fashion Week 2023[\/vc_column_text][\/vc_column_inner][vc_column_inner content_placement=&#8221;default&#8221; width=&#8221;1\/3&#8243; text_alignement=&#8221;right&#8221;][vc_button title=&#8221;TICKETS &amp; INFO&#8221; shape=&#8221;rounded-less&#8221; align=&#8221;right&#8221; font_weight=&#8221;400&#8243; link=&#8221;url:http%3A%2F%2Fwww.estibalizmartyn.com|||&#8221;][\/vc_column_inner][\/vc_row_inner][vc_row_inner equal_height=&#8221;yes&#8221; el_class=&#8221;agendarow&#8221;][vc_column_inner width=&#8221;1\/3&#8243;][vc_column_text]<strong>OTTOBRE &#8211; DICEMBRE 2022 &#8211; Festival di Musica Contemporanea di Madrid COMA&#8217;2022<\/strong> Auditorium Tom\u00e1s Luis de Victoria, RCSMM[\/vc_column_text][\/vc_column_inner][vc_column_inner content_placement=&#8221;default&#8221; width=&#8221;1\/3&#8243; text_alignement=&#8221;center&#8221;][vc_column_text]Festival COMA 2022-2023 M\u00fasica Contempor\u00e1nea. Ad Pacem\/ Ave Mar\u00eda (Premi\u00e8re). Director: Sebasti\u00e1n Marin\u00e9. Compositor: Constancio Hern\u00e1ez[\/vc_column_text][\/vc_column_inner][vc_column_inner content_placement=&#8221;default&#8221; width=&#8221;1\/3&#8243; text_alignement=&#8221;right&#8221;][vc_button title=&#8221;TICKETS &amp; INFO&#8221; shape=&#8221;rounded-less&#8221; align=&#8221;right&#8221; font_weight=&#8221;400&#8243; link=&#8221;url:http%3A%2F%2Fwww.estibalizmartyn.com|||&#8221;][\/vc_column_inner][\/vc_row_inner][vc_row_inner equal_height=&#8221;yes&#8221; el_class=&#8221;agendarow&#8221;][vc_column_inner width=&#8221;1\/3&#8243;][vc_column_text]<strong>27 GIUGNO 2022 \u2013 Concerto per AMBASCIATORI E DIRIGENTI<\/strong> Palacio de Longoria Madrid (Spagna)[\/vc_column_text][\/vc_column_inner][vc_column_inner content_placement=&#8221;default&#8221; width=&#8221;1\/3&#8243; text_alignement=&#8221;center&#8221;][vc_column_text]Concerto privato \u2013 Soprano Estibaliz Martyn per ambasciate e dirigenti d&#8217;azienda nella Sala Manuel de Falla (Palacio de Longoria, Madrid)[\/vc_column_text][\/vc_column_inner][vc_column_inner content_placement=&#8221;default&#8221; width=&#8221;1\/3&#8243; text_alignement=&#8221;right&#8221;][vc_button title=&#8221;TICKETS &amp; INFO&#8221; shape=&#8221;rounded-less&#8221; align=&#8221;right&#8221; font_weight=&#8221;400&#8243; link=&#8221;url:http%3A%2F%2Fwww.estibalizmartyn.com|||&#8221;][\/vc_column_inner][\/vc_row_inner][vc_row_inner equal_height=&#8221;yes&#8221; el_class=&#8221;agendarow&#8221;][vc_column_inner width=&#8221;1\/3&#8243;][vc_column_text]<strong>MAGGIO 2022 \u2013 GALA PER AMBASCIATE<\/strong> Madrid Convention Center (Spagna)[\/vc_column_text][\/vc_column_inner][vc_column_inner content_placement=&#8221;default&#8221; width=&#8221;1\/3&#8243; text_alignement=&#8221;center&#8221;][vc_column_text]Gala e concerto &#8211; Diplomatic Magazine Awards 2022. Convenzione e unione di diverse ambasciate in Spagna. Concerto del soprano Est\u00edbaliz Martyn[\/vc_column_text][\/vc_column_inner][vc_column_inner content_placement=&#8221;default&#8221; width=&#8221;1\/3&#8243; text_alignement=&#8221;right&#8221;][vc_button title=&#8221;TICKETS &amp; INFO&#8221; shape=&#8221;rounded-less&#8221; align=&#8221;right&#8221; font_weight=&#8221;400&#8243; link=&#8221;url:http%3A%2F%2Fwww.estibalizmartyn.com|||&#8221;][\/vc_column_inner][\/vc_row_inner][vc_row_inner equal_height=&#8221;yes&#8221; el_class=&#8221;agendarow&#8221;][vc_column_inner width=&#8221;1\/3&#8243;][vc_column_text]<strong>FEBBRAIO \/ APRILE 2022 \u2013 TEATRO REAL DI MADRID<\/strong> Sala Principale[\/vc_column_text][\/vc_column_inner][vc_column_inner content_placement=&#8221;default&#8221; width=&#8221;1\/3&#8243; text_alignement=&#8221;center&#8221;][vc_column_text]Produzione L&#8217;ANGELO DEL FUOCO (Sergei Prokofiev). Prima novizia. Regia: Gustavo Gimeno. Direttore di scena: Calixto Bieito[\/vc_column_text][\/vc_column_inner][vc_column_inner content_placement=&#8221;default&#8221; width=&#8221;1\/3&#8243; text_alignement=&#8221;right&#8221;][vc_button title=&#8221;TICKETS &amp; INFO&#8221; shape=&#8221;rounded-less&#8221; align=&#8221;right&#8221; font_weight=&#8221;400&#8243; link=&#8221;url:https%3A%2F%2Fwww.teatroreal.es%2Fes%2Fespectaculo%2Fangel-fuego|||&#8221;][\/vc_column_inner][\/vc_row_inner][vc_row_inner equal_height=&#8221;yes&#8221; el_class=&#8221;agendarow&#8221;][vc_column_inner width=&#8221;1\/3&#8243;][vc_column_text]<strong>24 MARZO 2022 \u2013 TEATRO REAL DI MADRID<\/strong> Sala Principale[\/vc_column_text][\/vc_column_inner][vc_column_inner content_placement=&#8221;default&#8221; width=&#8221;1\/3&#8243; text_alignement=&#8221;center&#8221;][vc_column_text]Concerto \u00abMemorie di una vita\u00bb. Opera: Balada a una desconocida. Soprano: Est\u00edbaliz Martyn. Compositore: \u00c1ngel G. Pi\u00f1ero. Chitarrista: Luca Romanelli[\/vc_column_text][\/vc_column_inner][vc_column_inner content_placement=&#8221;default&#8221; width=&#8221;1\/3&#8243; text_alignement=&#8221;right&#8221;][vc_button title=&#8221;TICKETS &amp; INFO&#8221; shape=&#8221;rounded-less&#8221; align=&#8221;right&#8221; font_weight=&#8221;400&#8243; link=&#8221;url:https%3A%2F%2Fwww.teatroreal.es%2Fes%2Fespectaculo%2Frecuerdas-una-vida-angel-g-pinero|||&#8221;][\/vc_column_inner][\/vc_row_inner][vc_row_inner equal_height=&#8221;yes&#8221; el_class=&#8221;agendarow&#8221;][vc_column_inner width=&#8221;1\/3&#8243;][vc_column_text]<strong>19 DICEMBRE 2021 \u2013 TEATRO REAL DI MADRID<\/strong> Sala Gayarre[\/vc_column_text][\/vc_column_inner][vc_column_inner content_placement=&#8221;default&#8221; width=&#8221;1\/3&#8243; text_alignement=&#8221;center&#8221;][vc_column_text]Mim\u00ec o Musetta (La Boh\u00e8me, Puccini). Maestro Fernando Palacios. Pianista: Jorge Robaina[\/vc_column_text][\/vc_column_inner][vc_column_inner content_placement=&#8221;default&#8221; width=&#8221;1\/3&#8243; text_alignement=&#8221;right&#8221;][vc_button title=&#8221;TICKETS &amp; INFO&#8221; shape=&#8221;rounded-less&#8221; align=&#8221;right&#8221; font_weight=&#8221;400&#8243; link=&#8221;url:https%3A%2F%2Fwww.teatroreal.es%2Fsites%2Fdefault%2Ffiles%2F2021-12%2FTodos%2520a%2520la%2520Gayarre%2520III.pdf|||&#8221;][\/vc_column_inner][\/vc_row_inner][vc_row_inner equal_height=&#8221;yes&#8221; el_class=&#8221;agendarow&#8221;][vc_column_inner width=&#8221;1\/3&#8243;][vc_column_text]<strong>17 DICEMBRE 2021 \u2013 Concerto Premi\u00e8re<\/strong> RCSMM Manuel de Falla[\/vc_column_text][\/vc_column_inner][vc_column_inner content_placement=&#8221;default&#8221; width=&#8221;1\/3&#8243; text_alignement=&#8221;center&#8221;][vc_column_text]COMA Festival 2021-2022 Musica Contemporanea. O Magnum Mysterium (Prima). Direttore: Sebastian Marine. Compositore: Constancio Hern\u00e1ez[\/vc_column_text][\/vc_column_inner][vc_column_inner content_placement=&#8221;default&#8221; width=&#8221;1\/3&#8243; text_alignement=&#8221;right&#8221;][vc_button title=&#8221;TICKETS &amp; INFO&#8221; shape=&#8221;rounded-less&#8221; align=&#8221;right&#8221; font_weight=&#8221;400&#8243; link=&#8221;url:https%3A%2F%2Famcc.es%2Fcoma%2Fcoma22%2Fnov-17-grupo-de-musica-contemporanea-del-rcsmm%2F|||&#8221;][\/vc_column_inner][\/vc_row_inner][vc_row_inner equal_height=&#8221;yes&#8221; el_class=&#8221;agendarow&#8221;][vc_column_inner width=&#8221;1\/3&#8243;][vc_column_text]<b>MACERATA OPERA FESTIVAL 2021. Produzione (ITALIA)<\/b>[\/vc_column_text][\/vc_column_inner][vc_column_inner content_placement=&#8221;default&#8221; width=&#8221;1\/3&#8243; text_alignement=&#8221;center&#8221;][vc_column_text]LA TRAVIATA (G. Verdi). Conductor: Paolo Borolameolli, Director: Henning Brockhaus, Scenes: Josef Svoboda[\/vc_column_text][\/vc_column_inner][vc_column_inner content_placement=&#8221;default&#8221; width=&#8221;1\/3&#8243; text_alignement=&#8221;right&#8221;][vc_button title=&#8221;TICKETS &amp; INFO&#8221; shape=&#8221;rounded-less&#8221; align=&#8221;right&#8221; font_weight=&#8221;400&#8243; link=&#8221;url:https%3A%2F%2Fwww.sferisterio.it%2Fen%2Fnews-en%2Fmacerata-opera-festival-2021-100x100sferisterio|||&#8221;][\/vc_column_inner][\/vc_row_inner][vc_row_inner equal_height=&#8221;yes&#8221; el_class=&#8221;agendarow&#8221;][vc_column_inner width=&#8221;1\/3&#8243;][vc_column_text]<strong>9 LUGLIO 2021 \u2013 TEATRO REAL DI MADRID \u2013 Recital<\/strong>[\/vc_column_text][\/vc_column_inner][vc_column_inner content_placement=&#8221;default&#8221; width=&#8221;1\/3&#8243; text_alignement=&#8221;center&#8221;][vc_column_text]Soprano Concerto Finale Crescendo Programma 2021[\/vc_column_text][\/vc_column_inner][vc_column_inner content_placement=&#8221;default&#8221; width=&#8221;1\/3&#8243; text_alignement=&#8221;right&#8221;][vc_button title=&#8221;TICKETS &amp; INFO&#8221; shape=&#8221;rounded-less&#8221; align=&#8221;right&#8221; font_weight=&#8221;400&#8243; link=&#8221;url:https%3A%2F%2Fwww.amigosdelreal.es%2Factividades%2Fcrescendo-creamos-opera|||&#8221;][\/vc_column_inner][\/vc_row_inner][vc_row_inner equal_height=&#8221;yes&#8221; el_class=&#8221;agendarow&#8221;][vc_column_inner width=&#8221;1\/3&#8243;][vc_column_text]<strong>MAGGIO 2021<\/strong>\u00a0\u2013 III Congresso Internazionale di Musica e Cultura (La Coru\u00f1a)[\/vc_column_text][\/vc_column_inner][vc_column_inner content_placement=&#8221;default&#8221; width=&#8221;1\/3&#8243; text_alignement=&#8221;center&#8221;][vc_column_text]III Congresso Internazionale di Musica e Cultura per l\u2019Inclusione e l\u2019Innovazione (La Coru\u00f1a, Spagna)[\/vc_column_text][\/vc_column_inner][vc_column_inner content_placement=&#8221;default&#8221; width=&#8221;1\/3&#8243; text_alignement=&#8221;right&#8221;][vc_button title=&#8221;TICKETS &amp; INFO&#8221; shape=&#8221;rounded-less&#8221; align=&#8221;right&#8221; font_weight=&#8221;400&#8243; link=&#8221;url:http%3A%2F%2Fwww.estibalizmartyn.com|||&#8221;][\/vc_column_inner][\/vc_row_inner][vc_row_inner equal_height=&#8221;yes&#8221; el_class=&#8221;agendarow&#8221;][vc_column_inner width=&#8221;1\/3&#8243;][vc_column_text]<strong>MARZO-LUGLIO 2021<\/strong>\u00a0\u2013 Teatro Real di Madrid[\/vc_column_text][\/vc_column_inner][vc_column_inner content_placement=&#8221;default&#8221; width=&#8221;1\/3&#8243; text_alignement=&#8221;center&#8221;][vc_column_text]Soprano Lirico Leggero di Coloratura. Programma Crescendo 2021\/ Teatro Real di Madrid[\/vc_column_text][\/vc_column_inner][vc_column_inner content_placement=&#8221;default&#8221; width=&#8221;1\/3&#8243; text_alignement=&#8221;right&#8221;][vc_button title=&#8221;TICKETS &amp; INFO&#8221; shape=&#8221;rounded-less&#8221; align=&#8221;right&#8221; font_weight=&#8221;400&#8243; link=&#8221;url:https%3A%2F%2Fwww.teatroreal.es%2Fes|||&#8221;][\/vc_column_inner][\/vc_row_inner][vc_row_inner equal_height=&#8221;yes&#8221; el_class=&#8221;agendarow&#8221;][vc_column_inner width=&#8221;1\/3&#8243;][vc_column_text]<strong>SETTEMBRE \u2013 OTTOBRE 2020 Produzione (ITALIA)<\/strong>\u00a0(RINVIATO Covid19)[\/vc_column_text][\/vc_column_inner][vc_column_inner content_placement=&#8221;default&#8221; width=&#8221;1\/3&#8243; text_alignement=&#8221;center&#8221;][vc_column_text]Rossini Opera Festival (Pesaro, Italia). Opera: \u00abIl viaggio a Reims\u00bb (ROSSINI). Ruolo Principale: CONTESSA DI FOLLEVILLE[\/vc_column_text][\/vc_column_inner][vc_column_inner content_placement=&#8221;default&#8221; width=&#8221;1\/3&#8243; text_alignement=&#8221;right&#8221;][vc_button title=&#8221;TICKETS &amp; INFO&#8221; shape=&#8221;rounded-less&#8221; align=&#8221;right&#8221; font_weight=&#8221;400&#8243; link=&#8221;url:http%3A%2F%2Fwww.estibalizmartyn.com|||&#8221;][\/vc_column_inner][\/vc_row_inner][vc_row_inner equal_height=&#8221;yes&#8221; el_class=&#8221;agendarow&#8221;][vc_column_inner width=&#8221;1\/3&#8243;][vc_column_text]<strong>AGOSTO 2020 \u2013 Riprese (3) Cortometraggi<\/strong>[\/vc_column_text][\/vc_column_inner][vc_column_inner content_placement=&#8221;default&#8221; width=&#8221;1\/3&#8243; text_alignement=&#8221;center&#8221;][vc_column_text]\u201cSarai\u201d(2020),\u201cLa Querida\u201d(2020),\u201cReencuentro\u201d(2020). Produttore: Presente Audiovisual \/ Dir. B\u00e1rbara Merlo[\/vc_column_text][\/vc_column_inner][vc_column_inner content_placement=&#8221;default&#8221; width=&#8221;1\/3&#8243; text_alignement=&#8221;right&#8221;][vc_button title=&#8221;TICKETS &amp; INFO&#8221; shape=&#8221;rounded-less&#8221; align=&#8221;right&#8221; font_weight=&#8221;400&#8243; link=&#8221;url:http%3A%2F%2Fwww.estibalizmartyn.com|||&#8221;][\/vc_column_inner][\/vc_row_inner][vc_row_inner equal_height=&#8221;yes&#8221; el_class=&#8221;agendarow&#8221;][vc_column_inner width=&#8221;1\/3&#8243;][vc_column_text]<strong>AGOSTO 2020 \u2013 Produzione (SPAGNA \/ MESSICO)<\/strong>. (Rinviato Covid19)[\/vc_column_text][\/vc_column_inner][vc_column_inner content_placement=&#8221;default&#8221; width=&#8221;1\/3&#8243; text_alignement=&#8221;center&#8221;][vc_column_text]KAMALA (ruolo principale) \u2013 SIDDHARTHA Story, The Musical. Teatro La Latina (Madrid) Gloria Grace Productions[\/vc_column_text][\/vc_column_inner][vc_column_inner content_placement=&#8221;default&#8221; width=&#8221;1\/3&#8243; text_alignement=&#8221;right&#8221;][vc_button title=&#8221;TICKETS &amp; INFO&#8221; shape=&#8221;rounded-less&#8221; align=&#8221;right&#8221; font_weight=&#8221;400&#8243; link=&#8221;url:http%3A%2F%2Fwww.estibalizmartyn.com|||&#8221;][\/vc_column_inner][\/vc_row_inner][vc_row_inner equal_height=&#8221;yes&#8221; el_class=&#8221;agendarow&#8221;][vc_column_inner width=&#8221;1\/3&#8243;][vc_column_text]<strong>MAGGIO \u2013 GIUGNO 2020 \u2013 Produzione (GERMANIA \/ SPAGNA)<\/strong>\u00a0(RINVIATO Covid 19)[\/vc_column_text][\/vc_column_inner][vc_column_inner content_placement=&#8221;default&#8221; width=&#8221;1\/3&#8243; text_alignement=&#8221;center&#8221;][vc_column_text]ROSINA (ruolo principale). Opera Il Barbiere di Siviglia, ROSSINI. Dir. Manuel de Perea. Siviglia (Spagna) \/ Frankfurt (Germania)[\/vc_column_text][\/vc_column_inner][vc_column_inner content_placement=&#8221;default&#8221; width=&#8221;1\/3&#8243; text_alignement=&#8221;right&#8221;][vc_button title=&#8221;TICKETS &amp; INFO&#8221; shape=&#8221;rounded-less&#8221; align=&#8221;right&#8221; font_weight=&#8221;400&#8243; link=&#8221;url:http%3A%2F%2Fwww.estibalizmartyn.com|||&#8221;][\/vc_column_inner][\/vc_row_inner][vc_row_inner equal_height=&#8221;yes&#8221; el_class=&#8221;agendarow&#8221;][vc_column_inner width=&#8221;1\/3&#8243;][vc_column_text]<strong>15 FEBRUAR 2020<\/strong>\u00a0\u2013 Recital[\/vc_column_text][\/vc_column_inner][vc_column_inner content_placement=&#8221;default&#8221; width=&#8221;1\/3&#8243; text_alignement=&#8221;center&#8221;][vc_column_text]Soprano\/ RCSMM. Auditorio Manuel de Falla[\/vc_column_text][\/vc_column_inner][vc_column_inner content_placement=&#8221;default&#8221; width=&#8221;1\/3&#8243; text_alignement=&#8221;right&#8221;][vc_button title=&#8221;TICKETS &amp; INFO&#8221; shape=&#8221;rounded-less&#8221; align=&#8221;right&#8221; font_weight=&#8221;400&#8243; link=&#8221;url:http%3A%2F%2Fwww.rcsmm.eu|||&#8221;][\/vc_column_inner][\/vc_row_inner][vc_row_inner equal_height=&#8221;yes&#8221; el_class=&#8221;agendarow&#8221;][vc_column_inner width=&#8221;1\/3&#8243;][vc_column_text]<b>13 GENNAIO \u2013 <\/b>Concerto[\/vc_column_text][\/vc_column_inner][vc_column_inner content_placement=&#8221;default&#8221; width=&#8221;1\/3&#8243; text_alignement=&#8221;center&#8221;][vc_column_text]CONCERTO 90 min. Recital Estibaliz Martyn.\u00a0 TEATRO CIRCO, ALBACETE (Spagna)[\/vc_column_text][\/vc_column_inner][vc_column_inner content_placement=&#8221;default&#8221; width=&#8221;1\/3&#8243; text_alignement=&#8221;right&#8221;][vc_button title=&#8221;TICKETS &amp; INFO&#8221; shape=&#8221;rounded-less&#8221; align=&#8221;right&#8221; font_weight=&#8221;400&#8243; link=&#8221;url:http%3A%2F%2Fwww.estibalizmartyn.com|||&#8221;][\/vc_column_inner][\/vc_row_inner][vc_row_inner equal_height=&#8221;yes&#8221; el_class=&#8221;agendarow&#8221;][vc_column_inner width=&#8221;1\/3&#8243;][vc_column_text]<b>27 DICEMBRE 2019 \u2013 Concerto<\/b>[\/vc_column_text][\/vc_column_inner][vc_column_inner content_placement=&#8221;default&#8221; width=&#8221;1\/3&#8243; text_alignement=&#8221;center&#8221;][vc_column_text]CONCERTO Soprano Estibaliz Martyn Teatro-Auditorio Burgos (Spagna)[\/vc_column_text][\/vc_column_inner][vc_column_inner content_placement=&#8221;default&#8221; width=&#8221;1\/3&#8243; text_alignement=&#8221;right&#8221;][vc_button title=&#8221;TICKETS &amp; INFO&#8221; shape=&#8221;rounded-less&#8221; align=&#8221;right&#8221; font_weight=&#8221;400&#8243; link=&#8221;url:https%3A%2F%2Fculturalalbacete.es%2Feventos%2Fsoprano-estibaliz-martyn-teatro-circo-de-albacete%2F|||&#8221;][\/vc_column_inner][\/vc_row_inner][vc_row_inner equal_height=&#8221;yes&#8221; el_class=&#8221;agendarow&#8221;][vc_column_inner width=&#8221;1\/3&#8243;][vc_column_text]<b>19 DICEMBRE 2019 <\/b>\u2013 Concierto[\/vc_column_text][\/vc_column_inner][vc_column_inner content_placement=&#8221;default&#8221; width=&#8221;1\/3&#8243; text_alignement=&#8221;center&#8221;][vc_column_text]Concerto per soprano solista \u2013 Estibaliz Martyn. Auditorium Nazionale di Musica di Madrid (Sala Sinfonica). Orchestra Filarmonica di Madrid \/ Dir. Pascual Osa[\/vc_column_text][\/vc_column_inner][vc_column_inner content_placement=&#8221;default&#8221; width=&#8221;1\/3&#8243; text_alignement=&#8221;right&#8221;][vc_button title=&#8221;TICKETS &amp; INFO&#8221; shape=&#8221;rounded-less&#8221; align=&#8221;right&#8221; font_weight=&#8221;400&#8243; link=&#8221;url:http%3A%2F%2Fwww.estibalizmartyn.com|||&#8221;][\/vc_column_inner][\/vc_row_inner][vc_row_inner equal_height=&#8221;yes&#8221; el_class=&#8221;agendarow&#8221;][vc_column_inner width=&#8221;1\/3&#8243;][vc_column_text]<b>14 DICEMBRE 2019 <\/b>\u2013 Recital[\/vc_column_text][\/vc_column_inner][vc_column_inner content_placement=&#8221;default&#8221; width=&#8221;1\/3&#8243; text_alignement=&#8221;center&#8221;][vc_column_text]Soprano \u2013 RCSMM Auditorium Tomas Luis de Victoria[\/vc_column_text][\/vc_column_inner][vc_column_inner content_placement=&#8221;default&#8221; width=&#8221;1\/3&#8243; text_alignement=&#8221;right&#8221;][vc_button title=&#8221;TICKETS &amp; INFO&#8221; shape=&#8221;rounded-less&#8221; align=&#8221;right&#8221; font_weight=&#8221;400&#8243; link=&#8221;url:http%3A%2F%2Fwww.estibalizmartyn.com|||&#8221;][\/vc_column_inner][\/vc_row_inner][vc_row_inner equal_height=&#8221;yes&#8221; el_class=&#8221;agendarow&#8221;][vc_column_inner width=&#8221;1\/3&#8243;][vc_column_text]<strong>12 DICEMBRE 2019 \u2013<\/strong> Concerto<\/p>\n<p>[\/vc_column_text][\/vc_column_inner][vc_column_inner content_placement=&#8221;default&#8221; width=&#8221;1\/3&#8243; text_alignement=&#8221;center&#8221;][vc_column_text]Concerto di Gala dell&#8217;UNICEF \u2013 Sostituzione per AINHOA ARTETA, Soprano. Auditorium Nazionale di Musica di Madrid (Sala Sinfonica).[\/vc_column_text][\/vc_column_inner][vc_column_inner content_placement=&#8221;default&#8221; width=&#8221;1\/3&#8243; text_alignement=&#8221;right&#8221;][vc_button title=&#8221;TICKETS &amp; INFO&#8221; shape=&#8221;rounded-less&#8221; align=&#8221;right&#8221; font_weight=&#8221;400&#8243; link=&#8221;url:http%3A%2F%2Fwww.estibalizmartyn.com|||&#8221;][\/vc_column_inner][\/vc_row_inner][vc_row_inner equal_height=&#8221;yes&#8221; el_class=&#8221;agendarow&#8221;][vc_column_inner width=&#8221;1\/3&#8243;][vc_column_text]<b>6-10 DECEMBRE 2019 \u2013\u00a0<\/b>Concerto[\/vc_column_text][\/vc_column_inner][vc_column_inner content_placement=&#8221;default&#8221; width=&#8221;1\/3&#8243; text_alignement=&#8221;center&#8221;][vc_column_text]Concerto Soprano \u2013 Estibaliz Martyn. Auditorium Santiago de Compostela (Galizia). Teatro Principal de Santiago de Compostela.[\/vc_column_text][\/vc_column_inner][vc_column_inner content_placement=&#8221;default&#8221; width=&#8221;1\/3&#8243; text_alignement=&#8221;right&#8221;][vc_button title=&#8221;TICKETS &amp; INFO&#8221; shape=&#8221;rounded-less&#8221; align=&#8221;right&#8221; font_weight=&#8221;400&#8243; link=&#8221;url:http%3A%2F%2Fwww.estibalizmartyn.com|||&#8221;][\/vc_column_inner][\/vc_row_inner][vc_row_inner equal_height=&#8221;yes&#8221; el_class=&#8221;agendarow&#8221;][vc_column_inner width=&#8221;1\/3&#8243;][vc_column_text]<b>LUGLIO-DECEMBRE 2019<\/b><\/p>\n<p>VLAD, Pl\u00e1cido Domingo Jr.[\/vc_column_text][\/vc_column_inner][vc_column_inner content_placement=&#8221;default&#8221; width=&#8221;1\/3&#8243; text_alignement=&#8221;center&#8221;][vc_column_text]Ruolo: MINA MURRAY. Ruolo Principale. Tourn\u00e9e Spagnola 2019:\u00a0Bilbao, Madrid, Granada, M\u00e9rida, Badajoz, Plasencia, Ja\u00e9n, C\u00e1ceres, Cuenca, Albacete[\/vc_column_text][\/vc_column_inner][vc_column_inner content_placement=&#8221;default&#8221; width=&#8221;1\/3&#8243; text_alignement=&#8221;right&#8221;][vc_button title=&#8221;TICKETS &amp; INFO&#8221; shape=&#8221;rounded-less&#8221; align=&#8221;right&#8221; font_weight=&#8221;400&#8243; link=&#8221;url:http%3A%2F%2Fwww.vladelmusical.com|||&#8221;][\/vc_column_inner][\/vc_row_inner][vc_row_inner equal_height=&#8221;yes&#8221; el_class=&#8221;agendarow&#8221;][vc_column_inner width=&#8221;1\/3&#8243;][vc_column_text]<b>7 GIUGNO 2019<\/b><\/p>\n<p id=\"tw-target-text\" class=\"tw-data-text tw-ta tw-text-medium\" dir=\"ltr\" data-placeholder=\"Traduci\u00f3n\"><span lang=\"it\">Cattedrale dell\u2019Almudena di Madrid<\/span><\/p>\n<p>[\/vc_column_text][\/vc_column_inner][vc_column_inner content_placement=&#8221;default&#8221; width=&#8221;1\/3&#8243; text_alignement=&#8221;center&#8221;][vc_column_text]Concerto con PL\u00c1CIDO DOMINGO in onore di Santa Maria la Real de la Almudena. Dir. Jordi Bern\u00e0cer. Orchestra e Coro Filarmon\u00eda de Madrid.[\/vc_column_text][\/vc_column_inner][vc_column_inner content_placement=&#8221;default&#8221; width=&#8221;1\/3&#8243; text_alignement=&#8221;right&#8221;][vc_button title=&#8221;TICKETS &amp; INFO&#8221; shape=&#8221;rounded-less&#8221; align=&#8221;right&#8221; font_weight=&#8221;400&#8243; link=&#8221;url:https%3A%2F%2Fwww.google.com%2Fsearch%3Fsource%3Dhp%26ei%3DD7gCXe3rJ4ublwS3qrfYAg%26q%3Destibaliz%2Bmartyn%2Bconcierto%2Bpl%25C3%25A1cido%2Bdomingo%2Balmudena%26oq%3Destibaliz%2Bmartyn%2Bconcierto%2Bpl%25C3%25A1cido%2Bdomingo%2Balmudena%26gs_l%3Dpsy-ab.3&#8230;1646.8523..8656&#8230;0.0..0.1568.2928.7-1j1&#8230;&#8230;0&#8230;.1..gws-wiz&#8230;..0.XSfwPDU5pYY|||&#8221;][\/vc_column_inner][\/vc_row_inner][vc_row_inner equal_height=&#8221;yes&#8221; el_class=&#8221;agendarow&#8221;][vc_column_inner width=&#8221;1\/3&#8243;][vc_column_text]<strong>1, 8, 14, 21, 22 GIUGNO 2019 &#8211; Opera &#8220;Yo, Claudio&#8221; \/ Robert Graves<\/strong><\/p>\n<p>Tourn\u00e9e Spagnola<\/p>\n<p>Adattamento di due romanzi di Robert Graves (I Claudio e Claudio il dio e sua moglie Messalina) ad una trilogia. Compositore: Igor Escudero.[\/vc_column_text][\/vc_column_inner][vc_column_inner content_placement=&#8221;default&#8221; width=&#8221;1\/3&#8243; text_alignement=&#8221;center&#8221;][vc_column_text]Ruolo principale: MESALINA \/ MEDULINA \/ LIVIA.<\/p>\n<p>Teatro Romano di M\u00c9RIDA \/ Palazzo Euskalduna di BILBAO \/ Auditorium Nazionale di Musica di MADRID (Sala Sinfonica) \/ Auditorium Miguel D\u00e9libes VALLADOLID \/ e Auditorium di ZARAGOZA &#8211; Premier Mondiale.[\/vc_column_text][\/vc_column_inner][vc_column_inner content_placement=&#8221;default&#8221; width=&#8221;1\/3&#8243; text_alignement=&#8221;right&#8221;][vc_button title=&#8221;TICKETS &amp; INFO&#8221; shape=&#8221;rounded-less&#8221; align=&#8221;right&#8221; font_weight=&#8221;400&#8243; link=&#8221;url:http%3A%2F%2Ficlaudiusopera.com%2Fes_es%2F|||&#8221;][\/vc_column_inner][\/vc_row_inner][vc_row_inner equal_height=&#8221;yes&#8221; el_class=&#8221;agendarow&#8221;][vc_column_inner width=&#8221;1\/3&#8243;][vc_column_text]<strong>20 aprile 2019<\/strong> &#8211; Settimana della musica religiosa di Cuenca, in Spagna. Teatro-Auditorium di Cuenca, in Spagna. 58 Edizione SMR Cuenca[\/vc_column_text][\/vc_column_inner][vc_column_inner content_placement=&#8221;default&#8221; width=&#8221;1\/3&#8243; text_alignement=&#8221;center&#8221;][vc_column_text]<\/p>\n<p id=\"tw-target-text\" class=\"tw-data-text tw-ta tw-text-small\" dir=\"ltr\" data-placeholder=\"Traduci\u00f3n\"><span lang=\"it\" tabindex=\"0\">ESTIBALIZ MARTYN, Soprano. PLURALENSEMBLE \/ FABI\u00c1N PANISELLO, direttore e compositore titolare. NACHO DE PAZ, direttore ospite.- Premier mondiale: &#8211; Meister Eckhart, Tristan Tzara: Mystical Song, di Fabi\u00e1n Panisello (premiere, commissionato dall&#8217;SMR) &#8211; L&#8217;\u00e9clat des t\u00e9n\u00e8bres, Alexander Radvilovich (Festival di St. Petersburg)<\/span><\/p>\n<p>[\/vc_column_text][\/vc_column_inner][vc_column_inner content_placement=&#8221;default&#8221; width=&#8221;1\/3&#8243; text_alignement=&#8221;right&#8221;][vc_button title=&#8221;TICKETS &amp; INFO&#8221; shape=&#8221;rounded-less&#8221; align=&#8221;right&#8221; font_weight=&#8221;400&#8243; link=&#8221;url:http%3A%2F%2Fwww.smrcuenca.es%2F|||&#8221;][\/vc_column_inner][\/vc_row_inner][vc_row_inner equal_height=&#8221;yes&#8221; el_class=&#8221;agendarow&#8221;][vc_column_inner width=&#8221;1\/3&#8243;][vc_column_text]<strong>15 aprile 2019 Settimana della musica religiosa di Cuenca, in Spagna.<\/strong> Teatro &#8211; Auditorium Cuenca, Spagna. 58 Edizione SMR Cuenca[\/vc_column_text][\/vc_column_inner][vc_column_inner content_placement=&#8221;default&#8221; width=&#8221;1\/3&#8243; text_alignement=&#8221;center&#8221;][vc_column_text]<\/p>\n<p id=\"tw-target-text\" class=\"tw-data-text tw-ta tw-text-small\" dir=\"ltr\" data-placeholder=\"Traduci\u00f3n\"><span lang=\"it\" tabindex=\"0\">Concerto inaugurale con Crist\u00f3bal Soler (direttore artistico), assessore alla cultura e sindaco di Cuenca. 17: 30h \/ Est\u00edbaliz Martyn (Soprano) accompagnato da Ignasi Jord\u00e1 (klavier e organo).<\/span><\/p>\n<p>[\/vc_column_text][\/vc_column_inner][vc_column_inner content_placement=&#8221;default&#8221; width=&#8221;1\/3&#8243; text_alignement=&#8221;right&#8221;][vc_button title=&#8221;TICKETS &amp; INFO&#8221; shape=&#8221;rounded-less&#8221; align=&#8221;right&#8221; font_weight=&#8221;400&#8243; link=&#8221;url:http%3A%2F%2Fwww.smrcuenca.es%2F|||&#8221;][\/vc_column_inner][\/vc_row_inner][vc_row_inner equal_height=&#8221;yes&#8221; el_class=&#8221;agendarow&#8221;][vc_column_inner width=&#8221;1\/3&#8243;][vc_column_text]<strong>9 Ott \u2013 Dicembre 2018<\/strong><br \/>\nMina \u2013 Principal Role.<\/p>\n<p><strong>VLAD (PL\u00c1CIDO DOMINGO)<\/strong>[\/vc_column_text][\/vc_column_inner][vc_column_inner content_placement=&#8221;default&#8221; width=&#8221;1\/3&#8243; text_alignement=&#8221;center&#8221;][vc_column_text]<strong>TOURN\u00c9E SPAIN<\/strong>: Madrid, M\u00e1laga, Cadiz, \u00c1vila, Salamanca.\u00a0<em>MINA (MAIN ROLE) \u2013 Bram Stoker Novel (Dracula)\u00a0 \u2013\u00a0<\/em><em>Prod. Pl\u00e1cido Domingo<\/em>[\/vc_column_text][\/vc_column_inner][vc_column_inner content_placement=&#8221;default&#8221; width=&#8221;1\/3&#8243; text_alignement=&#8221;right&#8221;][vc_button title=&#8221;TICKETS &amp; INFO&#8221; shape=&#8221;rounded-less&#8221; align=&#8221;right&#8221; font_weight=&#8221;400&#8243; link=&#8221;url:https%3A%2F%2Fwww.google.com%2Fsearch%3Fsource%3Dhp%26ei%3Da61QW4uHBsOdsgGxpLbQCQ%26q%3Dvlad%252C%2Bplacido%2Bdomingo%26oq%3Dvlad%252C%2Bplacido%2Bdomingo%26gs_l%3Dpsy-ab.3&#8230;4940.9256.0.9393.0.0.0.0.0.0.0.0..0.0&#8230;.0&#8230;1.1.64.psy-ab..0.0.0&#8230;.0.41u4udO-XUU|||&#8221;][\/vc_column_inner][\/vc_row_inner][vc_row_inner equal_height=&#8221;yes&#8221; el_class=&#8221;agendarow&#8221;][vc_column_inner width=&#8221;1\/3&#8243;][vc_column_text]<strong>30 Sett- 8 Ottobre 2018 (ITALIA)<\/strong><br \/>\nTeatro Municipale Piacenza (Italia)<br \/>\nCristina Mazzavilani-Muti[\/vc_column_text][\/vc_column_inner][vc_column_inner content_placement=&#8221;default&#8221; width=&#8221;1\/3&#8243; text_alignement=&#8221;center&#8221;][vc_column_text]Nedda<br \/>\nPAGLIACCI, R. Leoncavallo[\/vc_column_text][\/vc_column_inner][vc_column_inner content_placement=&#8221;default&#8221; width=&#8221;1\/3&#8243; text_alignement=&#8221;right&#8221;][vc_button title=&#8221;TICKETS &amp; INFO&#8221; shape=&#8221;rounded-less&#8221; align=&#8221;right&#8221; font_weight=&#8221;400&#8243; link=&#8221;url:http%3A%2F%2Fwww.teatripiacenza.it%2F|||&#8221;][\/vc_column_inner][\/vc_row_inner][vc_row_inner equal_height=&#8221;yes&#8221; el_class=&#8221;agendarow&#8221;][vc_column_inner width=&#8221;1\/3&#8243;][vc_column_text]<b>14 Settembre 2018 (NEW YORK, USA)\u00a0<\/b><br \/>\n7:30 P.M. \u2013 Fashion Art Center New York[\/vc_column_text][\/vc_column_inner][vc_column_inner content_placement=&#8221;default&#8221; width=&#8221;1\/3&#8243; text_alignement=&#8221;center&#8221;][vc_column_text]Soprano Estibaliz Martyn \u2013 Gala Concert. Presentazione \u201cShare Illusion\u201d Spain Talents. Sheen Center for Thought &amp; Culture.\u00a0 Klara Guillen Fashion Designer, New York.[\/vc_column_text][\/vc_column_inner][vc_column_inner content_placement=&#8221;default&#8221; width=&#8221;1\/3&#8243; text_alignement=&#8221;right&#8221;][vc_button title=&#8221;TICKETS &amp; INFO&#8221; shape=&#8221;rounded-less&#8221; align=&#8221;right&#8221; font_weight=&#8221;400&#8243; link=&#8221;url:https%3A%2F%2Fwww.facebook.com%2Ffashionartcenter%2F%3Fhc_ref%3DARR4XXegTDp73gj_0Ln8XXEHOhwHYVKkoA-CgUQbGI2fWtpqqXgx3q3WzAnxBlJ9ukk%26__tn__%3DkC-R|||&#8221;][\/vc_column_inner][\/vc_row_inner][vc_row_inner equal_height=&#8221;yes&#8221; el_class=&#8221;agendarow&#8221;][vc_column_inner width=&#8221;1\/3&#8243;][vc_column_text]<strong>21 Agosto 2018 (LONDRA, UK)\u00a0<\/strong>Cadogan Hall, Londra. London Bel Canto Festival con Soprano Aprile Millo[\/vc_column_text][\/vc_column_inner][vc_column_inner content_placement=&#8221;default&#8221; width=&#8221;1\/3&#8243; text_alignement=&#8221;center&#8221;][vc_column_text]Recital\/ Soprano Concert[\/vc_column_text][\/vc_column_inner][vc_column_inner content_placement=&#8221;default&#8221; width=&#8221;1\/3&#8243; text_alignement=&#8221;right&#8221;][vc_button title=&#8221;TICKETS &amp; INFO&#8221; shape=&#8221;rounded-less&#8221; align=&#8221;right&#8221; font_weight=&#8221;400&#8243; link=&#8221;url:https%3A%2F%2Fwww.cadoganhall.com%2F|||&#8221;][\/vc_column_inner][\/vc_row_inner][vc_row_inner equal_height=&#8221;yes&#8221; el_class=&#8221;agendarow&#8221;][vc_column_inner width=&#8221;1\/3&#8243;][vc_column_text]<strong>10 Agosto 2018<\/strong>\u00a0Concerto \/ Delivery Awards \u2013 V Concorso Int. di Canto Un Futuro deARTE Medinaceli[\/vc_column_text][\/vc_column_inner][vc_column_inner content_placement=&#8221;default&#8221; width=&#8221;1\/3&#8243; text_alignement=&#8221;center&#8221;][vc_column_text]VINCITRICE DEL CONCORSO \u2013 DELIVERY OF AWARDS \u2013 Ducal Palace of Medinaceli (Soria). Soprano \u2013 Musetta (Prod.La Boh\u00e8me)[\/vc_column_text][\/vc_column_inner][vc_column_inner content_placement=&#8221;default&#8221; width=&#8221;1\/3&#8243; text_alignement=&#8221;right&#8221;][vc_button title=&#8221;TICKETS &amp; INFO&#8221; shape=&#8221;rounded-less&#8221; align=&#8221;right&#8221; font_weight=&#8221;400&#8243; link=&#8221;url:http%3A%2F%2Fdiarioliricoes.blogspot.com%2F2018%2F08%2Fmedinaceli-entrega-los-premios-de-su-v.html|||&#8221;][\/vc_column_inner][\/vc_row_inner][vc_row_inner equal_height=&#8221;yes&#8221; el_class=&#8221;agendarow&#8221;][vc_column_inner width=&#8221;1\/3&#8243;][vc_column_text]<strong>28 Luglio 2018<\/strong>\u00a0Concorso Internazionale Lirico di Portofino (Italy). <strong>Luglio\u00a020 \u2013 Agosto 8 2018\u00a0<\/strong>Portofino \/ Milano \/ Genova (Italia),\u00a0Ginevra (Svizzera).[\/vc_column_text][\/vc_column_inner][vc_column_inner content_placement=&#8221;default&#8221; width=&#8221;1\/3&#8243; text_alignement=&#8221;center&#8221;][vc_column_text]Prima Finalista IV CONCORSO INT LIRICO DI PORTOFINO (IT) 2018[\/vc_column_text][\/vc_column_inner][vc_column_inner content_placement=&#8221;default&#8221; width=&#8221;1\/3&#8243; text_alignement=&#8221;right&#8221;][vc_button title=&#8221;TICKETS &amp; INFO&#8221; shape=&#8221;rounded-less&#8221; align=&#8221;right&#8221; font_weight=&#8221;400&#8243; link=&#8221;url:https%3A%2F%2Fwww.musalirica.com%2Fannunci%2Fconcorsi%2F4-concorso-lirico-internazionale-di-portofino-2018|||&#8221;][\/vc_column_inner][\/vc_row_inner][vc_row_inner equal_height=&#8221;yes&#8221; el_class=&#8221;agendarow&#8221;][vc_column_inner width=&#8221;1\/3&#8243;][vc_column_text]<strong>15 Luglio 2018<\/strong>\u00a0Ducal Palace Medinaceli[\/vc_column_text][\/vc_column_inner][vc_column_inner content_placement=&#8221;default&#8221; width=&#8221;1\/3&#8243; text_alignement=&#8221;center&#8221;][vc_column_text]VINCITRICE \u2013 V Concorso Int. di Canto Un Futuro deARTE 2018[\/vc_column_text][\/vc_column_inner][vc_column_inner content_placement=&#8221;default&#8221; width=&#8221;1\/3&#8243; text_alignement=&#8221;right&#8221;][vc_button title=&#8221;TICKETS &amp; INFO&#8221; shape=&#8221;rounded-less&#8221; align=&#8221;right&#8221; font_weight=&#8221;400&#8243; link=&#8221;url:http%3A%2F%2Fdiarioliricoes.blogspot.com%2F2018%2F08%2Fmedinaceli-entrega-los-premios-de-su-v.html|||&#8221;][\/vc_column_inner][\/vc_row_inner][vc_row_inner equal_height=&#8221;yes&#8221; el_class=&#8221;agendarow&#8221;][vc_column_inner width=&#8221;1\/3&#8243;][vc_column_text]<strong>21 Maggio &#8211; 14 Luglio 2018\u00a0<\/strong><br \/>\nTeatro de la Zarzuela, Madrid<br \/>\nDir. Carlos Arag\u00f3n\/ Jes\u00fas Castej\u00f3n[\/vc_column_text][\/vc_column_inner][vc_column_inner content_placement=&#8221;default&#8221; width=&#8221;1\/3&#8243; text_alignement=&#8221;center&#8221;][vc_column_text]Tot\u00f3 (Pers. Principale)<br \/>\n24 H MINTIENDO, Fco. Alonso[\/vc_column_text][\/vc_column_inner][vc_column_inner content_placement=&#8221;default&#8221; width=&#8221;1\/3&#8243; text_alignement=&#8221;right&#8221;][vc_button title=&#8221;TICKETS &amp; INFO&#8221; shape=&#8221;rounded-less&#8221; align=&#8221;right&#8221; font_weight=&#8221;400&#8243; link=&#8221;url:http%3A%2F%2Fteatrodelazarzuela.mcu.es%2Fes%2F|||&#8221;][\/vc_column_inner][\/vc_row_inner][vc_row_inner equal_height=&#8221;yes&#8221; el_class=&#8221;agendarow&#8221;][vc_column_inner width=&#8221;1\/3&#8243;][vc_column_text]<strong>28 Giugno 2018<\/strong>\u00a0 CONCERTO SS.MM. Queen Do\u00f1a Sof\u00eda[\/vc_column_text][\/vc_column_inner][vc_column_inner content_placement=&#8221;default&#8221; width=&#8221;1\/3&#8243; text_alignement=&#8221;center&#8221;][vc_column_text]Soprano. Concerto JJMM 2018. National Music Auditorium di Madrid[\/vc_column_text][\/vc_column_inner][vc_column_inner content_placement=&#8221;default&#8221; width=&#8221;1\/3&#8243; text_alignement=&#8221;right&#8221;][vc_button title=&#8221;TICKETS &amp; INFO&#8221; shape=&#8221;rounded-less&#8221; align=&#8221;right&#8221; font_weight=&#8221;400&#8243; link=&#8221;url:http%3A%2F%2Fjuventudesmusicalesmadrid.com%2F|||&#8221;][\/vc_column_inner][\/vc_row_inner][vc_row_inner equal_height=&#8221;yes&#8221; el_class=&#8221;agendarow&#8221;][vc_column_inner width=&#8221;1\/3&#8243;][vc_column_text]<strong>30 Maggio 2018<\/strong> &#8211; Jeunesses Musicales de Madrid. Teatro Reale di Madrid[\/vc_column_text][\/vc_column_inner][vc_column_inner content_placement=&#8221;default&#8221; width=&#8221;1\/3&#8243; text_alignement=&#8221;center&#8221;][vc_column_text]1\u00ba Premio (per il 3\u00ba anno consecutivo)[\/vc_column_text][\/vc_column_inner][vc_column_inner content_placement=&#8221;default&#8221; width=&#8221;1\/3&#8243; text_alignement=&#8221;right&#8221;][vc_button title=&#8221;TICKETS &amp; INFO&#8221; shape=&#8221;rounded-less&#8221; align=&#8221;right&#8221; font_weight=&#8221;400&#8243; link=&#8221;url:http%3A%2F%2Fjuventudesmusicalesmadrid.com%2F|||&#8221;][\/vc_column_inner][\/vc_row_inner][vc_row_inner equal_height=&#8221;yes&#8221; el_class=&#8221;agendarow&#8221;][vc_column_inner width=&#8221;1\/3&#8243;][vc_column_text]<strong>24 Maggio 2018<\/strong>\u00a0Casino Gran V\u00eda, Madrid. Prod. Pl\u00e1cido Domingo Jr.[\/vc_column_text][\/vc_column_inner][vc_column_inner content_placement=&#8221;default&#8221; width=&#8221;1\/3&#8243; text_alignement=&#8221;center&#8221;][vc_column_text]Concerto\/ Presentazione VLAD, Pl\u00e1cido Domingo[\/vc_column_text][\/vc_column_inner][vc_column_inner content_placement=&#8221;default&#8221; width=&#8221;1\/3&#8243; text_alignement=&#8221;right&#8221;][vc_button title=&#8221;TICKETS &amp; INFO&#8221; shape=&#8221;rounded-less&#8221; align=&#8221;right&#8221; font_weight=&#8221;400&#8243; link=&#8221;url:https%3A%2F%2Fwww.google.com%2Fsearch%3Fsource%3Dhp%26ei%3Da61QW4uHBsOdsgGxpLbQCQ%26q%3Dvlad%252C%2Bplacido%2Bdomingo%26oq%3Dvlad%252C%2Bplacido%2Bdomingo%26gs_l%3Dpsy-ab.3&#8230;4940.9256.0.9393.0.0.0.0.0.0.0.0..0.0&#8230;.0&#8230;1.1.64.psy-ab..0.0.0&#8230;.0.41u4udO-XUU|||&#8221;][\/vc_column_inner][\/vc_row_inner][vc_row_inner equal_height=&#8221;yes&#8221; el_class=&#8221;agendarow&#8221;][vc_column_inner width=&#8221;1\/3&#8243;][vc_column_text]<strong>22 Maggio 2018\u00a0<\/strong>SS.MM Queen\u00a0Sofia Escuela Superior de M\u00fasica Reina Sofia, Madrid (Jeunesses Musicales Madrid)[\/vc_column_text][\/vc_column_inner][vc_column_inner content_placement=&#8221;default&#8221; width=&#8221;1\/3&#8243; text_alignement=&#8221;center&#8221;][vc_column_text]JUAN DIEGO FL\u00d3REZ Coach. Soprano Attivo[\/vc_column_text][\/vc_column_inner][vc_column_inner content_placement=&#8221;default&#8221; width=&#8221;1\/3&#8243; text_alignement=&#8221;right&#8221;][vc_button title=&#8221;TICKETS &amp; INFO&#8221; shape=&#8221;rounded-less&#8221; align=&#8221;right&#8221; font_weight=&#8221;400&#8243; link=&#8221;url:https%3A%2F%2Flikes.movistar.es%2Fcultura-y-ocio%2Fmasterclass-juan-diego-florez|||&#8221;][\/vc_column_inner][\/vc_row_inner][vc_row_inner equal_height=&#8221;yes&#8221; el_class=&#8221;agendarow&#8221;][vc_column_inner width=&#8221;1\/3&#8243;][vc_column_text]<strong>12 Aprile 2018 (GERMANIA)\u00a0<\/strong>BKA Theater, Berlino (Germania)[\/vc_column_text][\/vc_column_inner][vc_column_inner content_placement=&#8221;default&#8221; width=&#8221;1\/3&#8243; text_alignement=&#8221;center&#8221;][vc_column_text]Recital SOPRANO Solo. Pianista: Noemi Martyn[\/vc_column_text][\/vc_column_inner][vc_column_inner content_placement=&#8221;default&#8221; width=&#8221;1\/3&#8243; text_alignement=&#8221;right&#8221;][vc_button title=&#8221;TICKETS &amp; INFO&#8221; shape=&#8221;rounded-less&#8221; align=&#8221;right&#8221; font_weight=&#8221;400&#8243; link=&#8221;url:http%3A%2F%2Fwww.bka-theater.de|||&#8221;][\/vc_column_inner][\/vc_row_inner][vc_row_inner equal_height=&#8221;yes&#8221; el_class=&#8221;agendarow&#8221;][vc_column_inner width=&#8221;1\/3&#8243;][vc_column_text]<strong>21 Marzo 2018\u00a0<\/strong>Teatro Antonio Machado, Madrid e\u00a0<strong>24, 25 Marzo 2018\u00a0<\/strong>Sala Teatro Olympia, Valencia[\/vc_column_text][\/vc_column_inner][vc_column_inner content_placement=&#8221;default&#8221; width=&#8221;1\/3&#8243; text_alignement=&#8221;center&#8221;][vc_column_text]Gala Soprano Solo. \u201cBroadway Diva\u2019s Gala\u201d\/ Concerto Ambasciata -Privato \u2013 Pianista: Noemi Martyn[\/vc_column_text][\/vc_column_inner][vc_column_inner content_placement=&#8221;default&#8221; width=&#8221;1\/3&#8243; text_alignement=&#8221;right&#8221;][vc_button title=&#8221;TICKETS &amp; INFO&#8221; shape=&#8221;rounded-less&#8221; align=&#8221;right&#8221; font_weight=&#8221;400&#8243; link=&#8221;url:http%3A%2F%2Fwww.teatro-olympia.com%2F|||&#8221;][\/vc_column_inner][\/vc_row_inner][vc_row_inner equal_height=&#8221;yes&#8221; el_class=&#8221;agendarow&#8221;][vc_column_inner width=&#8221;1\/3&#8243;][vc_column_text]<strong>10,11 Febbraio 2018 e 2<\/strong><strong>, 3, 4 Marzo 2018\u00a0<\/strong>Palacio Longoria, SGAE Madrid.\u00a0 \u00a0 \u00a0 \u00a0 \u00a0 \u00a0 \u00a0 \u00a0Sala Manuel de Falla[\/vc_column_text][\/vc_column_inner][vc_column_inner content_placement=&#8221;default&#8221; width=&#8221;1\/3&#8243; text_alignement=&#8221;center&#8221;][vc_column_text]Concerto, Soprano Solo. Concerto Ambasciata -Privato \u2013 Pianista: Noemi Martyn[\/vc_column_text][\/vc_column_inner][vc_column_inner content_placement=&#8221;default&#8221; width=&#8221;1\/3&#8243; text_alignement=&#8221;right&#8221;][vc_button title=&#8221;TICKETS &amp; INFO&#8221; shape=&#8221;rounded-less&#8221; align=&#8221;right&#8221; font_weight=&#8221;400&#8243; link=&#8221;url:http%3A%2F%2Fwww.xn--espaaescultura-tnb.es%2Fespacios_culturales%2Fmadrid%2Fsala_manuel_de_falla_sgae.html|||&#8221;][\/vc_column_inner][\/vc_row_inner][vc_row_inner equal_height=&#8221;yes&#8221; el_class=&#8221;agendarow&#8221;][vc_column_inner width=&#8221;1\/3&#8243;][vc_column_text]<strong>9, 14, 15, 20 Decembre 2017 e 5, 12, 19, 26 Gennaio 2018\u00a0<\/strong>Teatro Reina Victoria, Madrid\u00a0<strong>2, 9, 16, 17, 18 Febbraio 2018\u00a0 \u00a0 \u00a0 \u00a0 \u00a0 \u00a0 \u00a0 \u00a0\u00a0<\/strong>Teatro Mar\u00eda Guerrero, Madrid[\/vc_column_text][\/vc_column_inner][vc_column_inner content_placement=&#8221;default&#8221; width=&#8221;1\/3&#8243; text_alignement=&#8221;center&#8221;][vc_column_text]Recital, SOPRANO Solo\/ Matinales Musicales. Pianista: Noemi Martyn[\/vc_column_text][\/vc_column_inner][vc_column_inner content_placement=&#8221;default&#8221; width=&#8221;1\/3&#8243; text_alignement=&#8221;right&#8221;][vc_button title=&#8221;TICKETS &amp; INFO&#8221; shape=&#8221;rounded-less&#8221; align=&#8221;right&#8221; font_weight=&#8221;400&#8243; link=&#8221;url:https%3A%2F%2Felteatroreinavictoria.com%2F|||&#8221;][\/vc_column_inner][\/vc_row_inner][vc_row_inner equal_height=&#8221;yes&#8221; el_class=&#8221;agendarow&#8221;][vc_column_inner width=&#8221;1\/3&#8243;][vc_column_text]<strong>1 Ottobre &#8211; 27 Novembre 2017<\/strong><br \/>\nTeatro Alighieri di Ravenna (Italia)<br \/>\nMaestro Vladimir Ovodok\/ Cristina Mazzavillani-Muti[\/vc_column_text][\/vc_column_inner][vc_column_inner content_placement=&#8221;default&#8221; width=&#8221;1\/3&#8243; text_alignement=&#8221;center&#8221;][vc_column_text]Nedda<br \/>\nPAGLIACCI, R. Leoncavallo[\/vc_column_text][\/vc_column_inner][vc_column_inner content_placement=&#8221;default&#8221; width=&#8221;1\/3&#8243; text_alignement=&#8221;right&#8221;][vc_button title=&#8221;TICKETS &amp; INFO&#8221; shape=&#8221;rounded-less&#8221; align=&#8221;right&#8221; font_weight=&#8221;400&#8243; link=&#8221;url:http%3A%2F%2Fwww.ravennafestival.org%2F|||&#8221;][\/vc_column_inner][\/vc_row_inner][vc_row_inner equal_height=&#8221;yes&#8221; el_class=&#8221;agendarow&#8221;][vc_column_inner width=&#8221;1\/3&#8243;][vc_column_text]<strong>7-15 Ottobre 2017\u00a0<\/strong><br \/>\nG\u00fctersloh, Germania<br \/>\nKultur Raume\/ Theater und Stadthalle[\/vc_column_text][\/vc_column_inner][vc_column_inner content_placement=&#8221;default&#8221; width=&#8221;1\/3&#8243; text_alignement=&#8221;center&#8221;][vc_column_text]NEUE STIMMEN 2017<br \/>\nFinalista (FINAL ROUND)[\/vc_column_text][\/vc_column_inner][vc_column_inner content_placement=&#8221;default&#8221; width=&#8221;1\/3&#8243; text_alignement=&#8221;right&#8221;][vc_button title=&#8221;TICKETS &amp; INFO&#8221; shape=&#8221;rounded-less&#8221; align=&#8221;right&#8221; font_weight=&#8221;400&#8243; css=&#8221;.vc_custom_1516097882057{margin-top: 5px !important;}&#8221; link=&#8221;url:https%3A%2F%2Fneue-stimmen.de%2Fsaenger%2Fprofil%2Festibaliz-martyn.html|||&#8221;][\/vc_column_inner][\/vc_row_inner][vc_row_inner equal_height=&#8221;yes&#8221; el_class=&#8221;agendarow&#8221;][vc_column_inner width=&#8221;1\/3&#8243;][vc_column_text]<strong>19 Agosto 2017 .<\/strong><br \/>\nNational Liberal Club, Londra (Westminster)[\/vc_column_text][\/vc_column_inner][vc_column_inner content_placement=&#8221;default&#8221; width=&#8221;1\/3&#8243; text_alignement=&#8221;center&#8221;][vc_column_text]OPERA GALA \/ Soprano Solista<br \/>\nLONDON BELCANTO FESTIVAL[\/vc_column_text][\/vc_column_inner][vc_column_inner content_placement=&#8221;default&#8221; width=&#8221;1\/3&#8243; text_alignement=&#8221;right&#8221;][\/vc_column_inner][\/vc_row_inner][vc_row_inner equal_height=&#8221;yes&#8221; el_class=&#8221;agendarow premiorow&#8221;][vc_column_inner width=&#8221;1\/3&#8243;][vc_column_text]<strong>6 Luglio 2017.<\/strong><br \/>\nXXVIII Concorso Jeunesses Musicales Madrid[\/vc_column_text][\/vc_column_inner][vc_column_inner content_placement=&#8221;default&#8221; width=&#8221;1\/3&#8243; text_alignement=&#8221;center&#8221;][vc_column_text]1\u00ba PREMIO<br \/>\nConcerto[\/vc_column_text][\/vc_column_inner][vc_column_inner width=&#8221;1\/3&#8243;][\/vc_column_inner][\/vc_row_inner][vc_row_inner equal_height=&#8221;yes&#8221; el_class=&#8221;agendarow&#8221;][vc_column_inner width=&#8221;1\/3&#8243;][vc_column_text]<strong>3 Luglio 2017.<\/strong><br \/>\nTeatro Real de Madrid[\/vc_column_text][\/vc_column_inner][vc_column_inner content_placement=&#8221;default&#8221; width=&#8221;1\/3&#8243; text_alignement=&#8221;center&#8221;][vc_column_text]Soprano Solista, Recital<br \/>\nRedexis Group[\/vc_column_text][\/vc_column_inner][vc_column_inner width=&#8221;1\/3&#8243;][\/vc_column_inner][\/vc_row_inner][vc_row_inner equal_height=&#8221;yes&#8221; el_class=&#8221;agendarow&#8221;][vc_column_inner width=&#8221;1\/3&#8243;][vc_column_text]<strong>25-29 Giugno 2017.<\/strong><br \/>\nIV Concorso Int. di Canto &#8211; \u00d3pera de Tenerife[\/vc_column_text][\/vc_column_inner][vc_column_inner content_placement=&#8221;default&#8221; width=&#8221;1\/3&#8243; text_alignement=&#8221;center&#8221;][vc_column_text]1\u00aa FINALISTA<br \/>\nAuditorium Ad\u00e1n Mart\u00edn, Sta.Cruz Tenerife[\/vc_column_text][\/vc_column_inner][vc_column_inner content_placement=&#8221;default&#8221; width=&#8221;1\/3&#8243; text_alignement=&#8221;right&#8221;][\/vc_column_inner][\/vc_row_inner][vc_row_inner equal_height=&#8221;yes&#8221; el_class=&#8221;agendarow&#8221;][vc_column_inner width=&#8221;1\/3&#8243;][vc_column_text]<strong>7 Giugno 2017.\u00a0<\/strong><br \/>\nTeatro Real de Madrid[\/vc_column_text][\/vc_column_inner][vc_column_inner content_placement=&#8221;default&#8221; width=&#8221;1\/3&#8243; text_alignement=&#8221;center&#8221;][vc_column_text]Soprano Solista, Recital<br \/>\nAltamar Capital Partners[\/vc_column_text][\/vc_column_inner][vc_column_inner content_placement=&#8221;default&#8221; width=&#8221;1\/3&#8243; text_alignement=&#8221;right&#8221;][\/vc_column_inner][\/vc_row_inner][vc_row_inner equal_height=&#8221;yes&#8221; el_class=&#8221;agendarow&#8221;][vc_column_inner width=&#8221;1\/3&#8243;][vc_column_text]<strong>5 Giugno 2017.<\/strong><\/p>\n<p>Premi del Teatro Musical, Spagna 10\u00aa Edizione.[\/vc_column_text][\/vc_column_inner][vc_column_inner content_placement=&#8221;default&#8221; width=&#8221;1\/3&#8243; text_alignement=&#8221;center&#8221;][vc_column_text]Migliore attrice protagonista per Don Juan, un Musical a Sangue e Fuoco &#8211;\u00a0 Don Juan Tenorio, Jos\u00e9 Zorrilla[\/vc_column_text][\/vc_column_inner][vc_column_inner content_placement=&#8221;default&#8221; width=&#8221;1\/3&#8243; text_alignement=&#8221;right&#8221;][\/vc_column_inner][\/vc_row_inner][vc_row_inner equal_height=&#8221;yes&#8221; el_class=&#8221;agendarow&#8221;][vc_column_inner width=&#8221;1\/3&#8243;][vc_column_text]<strong>15 Marzo 2017.\u00a0<\/strong><br \/>\nXIV Concorso Int. di Canto &#8211; &#8220;Nuevas Voces&#8221; Citt\u00e0 di Siviglia.[\/vc_column_text][\/vc_column_inner][vc_column_inner content_placement=&#8221;default&#8221; width=&#8221;1\/3&#8243; text_alignement=&#8221;center&#8221;][vc_column_text]1\u00aa FINALISTA<br \/>\nTeatro Joaqu\u00edn Turina, Siviglia[\/vc_column_text][\/vc_column_inner][vc_column_inner content_placement=&#8221;default&#8221; width=&#8221;1\/3&#8243; text_alignement=&#8221;right&#8221;][\/vc_column_inner][\/vc_row_inner][vc_row_inner equal_height=&#8221;yes&#8221; el_class=&#8221;agendarow&#8221;][vc_column_inner width=&#8221;1\/3&#8243;][vc_column_text]<strong>19 Settembre &#8211; 23 Dicembre 2016<\/strong><br \/>\nTeatro de la Luz Philips Gran Via, Madrid (Spagna)<br \/>\nPross. Produzione CITT\u00c0 DEL MESSICO 2018-2019<br \/>\nDir. Nacho Gc\u00eda, Tino Schez, Julio Awad, Antonio Calvo[\/vc_column_text][\/vc_column_inner][vc_column_inner content_placement=&#8221;default&#8221; width=&#8221;1\/3&#8243; text_alignement=&#8221;center&#8221;][vc_column_text]Do\u00f1a In\u00e9s de Ulloa<br \/>\nDON JUAN TENORIO (Jos\u00e9 Zorrilla)<br \/>\nUn Musical a Sangue e Fuoco[\/vc_column_text][\/vc_column_inner][vc_column_inner content_placement=&#8221;default&#8221; width=&#8221;1\/3&#8243; text_alignement=&#8221;right&#8221;][\/vc_column_inner][\/vc_row_inner][vc_row_inner equal_height=&#8221;yes&#8221; el_class=&#8221;agendarow&#8221;][vc_column_inner width=&#8221;1\/3&#8243;][vc_column_text]<strong>13-16 Luglio 2016<\/strong><br \/>\nXIII Concorso Int. di Canto Luis Mariano Ir\u00fan<br \/>\nGuip\u00fazcoa, Paesi Baschi[\/vc_column_text][\/vc_column_inner][vc_column_inner content_placement=&#8221;default&#8221; width=&#8221;1\/3&#8243; text_alignement=&#8221;center&#8221;][vc_column_text]PREMIO Speciale della Giuria alla promessa pi\u00f9 giovane[\/vc_column_text][\/vc_column_inner][vc_column_inner content_placement=&#8221;default&#8221; width=&#8221;1\/3&#8243; text_alignement=&#8221;right&#8221;][\/vc_column_inner][\/vc_row_inner][vc_row_inner equal_height=&#8221;yes&#8221; el_class=&#8221;agendarow&#8221;][vc_column_inner width=&#8221;1\/3&#8243;][vc_column_text]<strong>11 Luglio 2016.\u00a0<\/strong><br \/>\nCarole Nash Room &amp; Concert Hall RNCM<br \/>\nManchester, Regno Unito[\/vc_column_text][\/vc_column_inner][vc_column_inner content_placement=&#8221;default&#8221; width=&#8221;1\/3&#8243; text_alignement=&#8221;center&#8221;][vc_column_text]OPERA GALA\/ Soprano Solista<\/p>\n<p>[\/vc_column_text][\/vc_column_inner][vc_column_inner content_placement=&#8221;default&#8221; width=&#8221;1\/3&#8243; text_alignement=&#8221;right&#8221;][\/vc_column_inner][\/vc_row_inner][vc_row_inner equal_height=&#8221;yes&#8221; el_class=&#8221;agendarow&#8221;][vc_column_inner width=&#8221;1\/3&#8243;][vc_column_text]<strong>10 Giugno 2016.<\/strong><br \/>\nXXVII Concorso Jeunesses Musicales Madrid[\/vc_column_text][\/vc_column_inner][vc_column_inner content_placement=&#8221;default&#8221; width=&#8221;1\/3&#8243; text_alignement=&#8221;center&#8221;][vc_column_text]1\u00ba PREMIO\/ Concerto[\/vc_column_text][\/vc_column_inner][vc_column_inner content_placement=&#8221;default&#8221; width=&#8221;1\/3&#8243; text_alignement=&#8221;right&#8221;][\/vc_column_inner][\/vc_row_inner][vc_row_inner equal_height=&#8221;yes&#8221; el_class=&#8221;agendarow&#8221;][vc_column_inner width=&#8221;1\/3&#8243;][vc_column_text]<strong>31 Marzo\/ 1-3 Aprile 2016<\/strong><br \/>\nXXXIV Concorso Internazionale di Canto &#8220;Ciudad de Logro\u00f1o&#8221; (La Rioja, Spagna)[\/vc_column_text][\/vc_column_inner][vc_column_inner content_placement=&#8221;default&#8221; width=&#8221;1\/3&#8243; text_alignement=&#8221;center&#8221;][vc_column_text]3\u00ba PREMIO[\/vc_column_text][\/vc_column_inner][vc_column_inner content_placement=&#8221;default&#8221; width=&#8221;1\/3&#8243; text_alignement=&#8221;right&#8221;][\/vc_column_inner][\/vc_row_inner][vc_row_inner equal_height=&#8221;yes&#8221; el_class=&#8221;agendarow&#8221;][vc_column_inner width=&#8221;1\/3&#8243;][vc_column_text]<strong>11 Marzo 2016.<\/strong><br \/>\nDeutsche National Theater\/ Studio Theater<br \/>\nHFM Franz Liszt WEIMAR, Germania. Dir. Peter Hailer[\/vc_column_text][\/vc_column_inner][vc_column_inner content_placement=&#8221;default&#8221; width=&#8221;1\/3&#8243; text_alignement=&#8221;center&#8221;][vc_column_text]<\/p>\n<p style=\"text-align: center;\">Pamina<br \/>\nIl flauto magico, Mozart<\/p>\n<p>[\/vc_column_text][\/vc_column_inner][vc_column_inner content_placement=&#8221;default&#8221; width=&#8221;1\/3&#8243; text_alignement=&#8221;right&#8221;][\/vc_column_inner][\/vc_row_inner][vc_row_inner equal_height=&#8221;yes&#8221; el_class=&#8221;agendarow&#8221;][vc_column_inner width=&#8221;1\/3&#8243;][vc_column_text]<strong>16,17,18,20,22,25 Febbraio 2016<\/strong><br \/>\nBelvedere Studio Theater, Weimar. Dir. Elmar Fulda[\/vc_column_text][\/vc_column_inner][vc_column_inner content_placement=&#8221;default&#8221; width=&#8221;1\/3&#8243; text_alignement=&#8221;center&#8221;][vc_column_text]<\/p>\n<p style=\"text-align: center;\">Oph\u00e9lie<br \/>\nHamlet, Ambroise Thomas<\/p>\n<p>[\/vc_column_text][\/vc_column_inner][vc_column_inner content_placement=&#8221;default&#8221; width=&#8221;1\/3&#8243; text_alignement=&#8221;right&#8221;][\/vc_column_inner][\/vc_row_inner][vc_row_inner equal_height=&#8221;yes&#8221; el_class=&#8221;agendarow&#8221;][vc_column_inner width=&#8221;1\/3&#8243;][vc_column_text]<strong>18 Dic 2015\/ 8-15-22-29 Gennaio 2016\/ 5 Febbraio 2016<\/strong><br \/>\nStudio Theater &#8211; Rudolstadt Theater, Germania<br \/>\nDir. Paul Enke e Stephan Klingele[\/vc_column_text][\/vc_column_inner][vc_column_inner content_placement=&#8221;default&#8221; width=&#8221;1\/3&#8243; text_alignement=&#8221;center&#8221;][vc_column_text]<\/p>\n<p style=\"text-align: center;\">Frau Pearce<br \/>\nPygmalion &#8211; My fair Lady, George Bernard Shaw<\/p>\n<p>[\/vc_column_text][\/vc_column_inner][vc_column_inner content_placement=&#8221;default&#8221; width=&#8221;1\/3&#8243; text_alignement=&#8221;right&#8221;][\/vc_column_inner][\/vc_row_inner][vc_row_inner equal_height=&#8221;yes&#8221; el_class=&#8221;agendarow&#8221;][vc_column_inner width=&#8221;1\/3&#8243;][vc_column_text]<strong>15 Novembre 2015.<\/strong><br \/>\nEscuela Superior de Canto de Madrid[\/vc_column_text][\/vc_column_inner][vc_column_inner content_placement=&#8221;default&#8221; width=&#8221;1\/3&#8243; text_alignement=&#8221;center&#8221;][vc_column_text]<\/p>\n<p style=\"text-align: center;\">Premio Finale di Carriera &#8220;AAESCM 2015&#8221;<\/p>\n<p>[\/vc_column_text][\/vc_column_inner][vc_column_inner content_placement=&#8221;default&#8221; width=&#8221;1\/3&#8243; text_alignement=&#8221;right&#8221;][\/vc_column_inner][\/vc_row_inner][vc_row_inner equal_height=&#8221;yes&#8221; el_class=&#8221;agendarow&#8221;][vc_column_inner width=&#8221;1\/3&#8243;][vc_column_text]<strong>Ottobre 2015.<\/strong><br \/>\nBastille Opera, Paris (Francia)[\/vc_column_text][\/vc_column_inner][vc_column_inner content_placement=&#8221;default&#8221; width=&#8221;1\/3&#8243; text_alignement=&#8221;center&#8221;][vc_column_text]<\/p>\n<p style=\"text-align: center;\">Soprano, Paris Opera Awards 2015<\/p>\n<p>[\/vc_column_text][\/vc_column_inner][vc_column_inner content_placement=&#8221;default&#8221; width=&#8221;1\/3&#8243; text_alignement=&#8221;right&#8221;][\/vc_column_inner][\/vc_row_inner][vc_row_inner equal_height=&#8221;yes&#8221; el_class=&#8221;agendarow&#8221;][vc_column_inner width=&#8221;1\/3&#8243;][vc_column_text]<strong>3,4,8,27,30 Novembre 2015<\/strong><br \/>\nStudio Theater &#8211; Deutsche National Theater Erfurt[\/vc_column_text][\/vc_column_inner][vc_column_inner content_placement=&#8221;default&#8221; width=&#8221;1\/3&#8243; text_alignement=&#8221;center&#8221;][vc_column_text]<\/p>\n<p style=\"text-align: center;\">Andi<br \/>\nDie Omama im Apfelbaum, Elisabeth Naske<\/p>\n<p>[\/vc_column_text][\/vc_column_inner][vc_column_inner content_placement=&#8221;default&#8221; width=&#8221;1\/3&#8243; text_alignement=&#8221;right&#8221;][\/vc_column_inner][\/vc_row_inner][vc_row_inner equal_height=&#8221;yes&#8221; el_class=&#8221;agendarow&#8221;][vc_column_inner width=&#8221;1\/3&#8243;][vc_column_text]<strong>19-22 Agosto 2015<\/strong><br \/>\nIII Concorso Int. di Canto &#8220;Le Grand Prix de l&#8217;Op\u00e9ra&#8221; Bucarest, Romania[\/vc_column_text][\/vc_column_inner][vc_column_inner content_placement=&#8221;default&#8221; width=&#8221;1\/3&#8243; text_alignement=&#8221;center&#8221;][vc_column_text]<\/p>\n<p style=\"text-align: center;\">1\u00aaSemifinalista (Bucarest National Opera House)<\/p>\n<p>[\/vc_column_text][\/vc_column_inner][vc_column_inner content_placement=&#8221;default&#8221; width=&#8221;1\/3&#8243; text_alignement=&#8221;right&#8221;][\/vc_column_inner][\/vc_row_inner][vc_row_inner equal_height=&#8221;yes&#8221; el_class=&#8221;agendarow&#8221;][vc_column_inner width=&#8221;1\/3&#8243;][vc_column_text]<strong>12-29-30 Giugno 2015 \/ 19 Luglio 2015<\/strong><br \/>\nII Concorso Int. Un Futuro deARTE, Medinaceli (Soria)[\/vc_column_text][\/vc_column_inner][vc_column_inner content_placement=&#8221;default&#8221; width=&#8221;1\/3&#8243; text_alignement=&#8221;center&#8221;][vc_column_text]<\/p>\n<p style=\"text-align: center;\">2\u00ba PREMIO<br \/>\nPalacio Ducal di Medinaceli<\/p>\n<p>[\/vc_column_text][\/vc_column_inner][vc_column_inner content_placement=&#8221;default&#8221; width=&#8221;1\/3&#8243; text_alignement=&#8221;right&#8221;][\/vc_column_inner][\/vc_row_inner][vc_row_inner equal_height=&#8221;yes&#8221; el_class=&#8221;agendarow&#8221;][vc_column_inner width=&#8221;1\/3&#8243;][vc_column_text]<strong>25-28 Febbraio 2015<\/strong><br \/>\nX Concorso Int. di Canto &#8211; Villa de Colmenar Viejo-[\/vc_column_text][\/vc_column_inner][vc_column_inner content_placement=&#8221;default&#8221; width=&#8221;1\/3&#8243; text_alignement=&#8221;center&#8221;][vc_column_text]<\/p>\n<p style=\"text-align: center;\">PREMIO alla pi\u00f9 giovane promessa, PREMIO Vicente Encabo e PREMIO dell&#8217;audienza<\/p>\n<p>[\/vc_column_text][\/vc_column_inner][vc_column_inner content_placement=&#8221;default&#8221; width=&#8221;1\/3&#8243; text_alignement=&#8221;right&#8221;][\/vc_column_inner][\/vc_row_inner][vc_row_inner equal_height=&#8221;yes&#8221; el_class=&#8221;agendarow&#8221;][vc_column_inner width=&#8221;1\/3&#8243;][vc_column_text]<strong>9,11,13 Febbraio 2015\u00a0<\/strong><br \/>\nStudio Theater &#8211; Goethe Theater Bad Lauchst\u00e4dt, Germania[\/vc_column_text][\/vc_column_inner][vc_column_inner content_placement=&#8221;default&#8221; width=&#8221;1\/3&#8243; text_alignement=&#8221;center&#8221;][vc_column_text]<\/p>\n<p style=\"text-align: center;\">Linda<br \/>\nLinda di Chamounix, Donizetti<\/p>\n<p>[\/vc_column_text][\/vc_column_inner][vc_column_inner content_placement=&#8221;default&#8221; width=&#8221;1\/3&#8243; text_alignement=&#8221;right&#8221;][\/vc_column_inner][\/vc_row_inner][vc_row_inner equal_height=&#8221;yes&#8221; el_class=&#8221;agendarow&#8221;][vc_column_inner width=&#8221;1\/3&#8243;][vc_column_text]<strong>23,24,27 Gennaio 2015<\/strong><br \/>\nDeutsche National Theater Weimar, Germania.<br \/>\nHFM Franz Liszt\/ Dir. Veit Wiesler[\/vc_column_text][\/vc_column_inner][vc_column_inner content_placement=&#8221;default&#8221; width=&#8221;1\/3&#8243; text_alignement=&#8221;center&#8221;][vc_column_text]<\/p>\n<p style=\"text-align: center;\">Gilda<br \/>\nRigoletto, Verdi<\/p>\n<p>[\/vc_column_text][\/vc_column_inner][vc_column_inner content_placement=&#8221;default&#8221; width=&#8221;1\/3&#8243; text_alignement=&#8221;right&#8221;][\/vc_column_inner][\/vc_row_inner][vc_row_inner equal_height=&#8221;yes&#8221; el_class=&#8221;agendarow&#8221;][vc_column_inner width=&#8221;1\/3&#8243;][vc_column_text]<strong>30 Aprile 2014 .<\/strong><br \/>\nNational Auditorium di Madrid[\/vc_column_text][\/vc_column_inner][vc_column_inner content_placement=&#8221;default&#8221; width=&#8221;1\/3&#8243; text_alignement=&#8221;center&#8221;][vc_column_text]<\/p>\n<p style=\"text-align: center;\">\u00a0 Soprano Solista<br \/>\nMessa Si m Bach<\/p>\n<p>[\/vc_column_text][\/vc_column_inner][vc_column_inner content_placement=&#8221;default&#8221; width=&#8221;1\/3&#8243; text_alignement=&#8221;right&#8221;][\/vc_column_inner][\/vc_row_inner][vc_row_inner equal_height=&#8221;yes&#8221; el_class=&#8221;agendarow&#8221;][vc_column_inner width=&#8221;1\/3&#8243;][vc_column_text]<strong>5 Aprile 2014.\u00a0<\/strong><br \/>\nNational Auditorium di Madrid[\/vc_column_text][\/vc_column_inner][vc_column_inner content_placement=&#8221;default&#8221; width=&#8221;1\/3&#8243; text_alignement=&#8221;center&#8221;][vc_column_text]<\/p>\n<p style=\"text-align: center;\">Soprano Solista<br \/>\nConcerto W.A. Mozart &#8220;Grandi Classici&#8221;<\/p>\n<p>[\/vc_column_text][\/vc_column_inner][vc_column_inner content_placement=&#8221;default&#8221; width=&#8221;1\/3&#8243; text_alignement=&#8221;right&#8221;][\/vc_column_inner][\/vc_row_inner][vc_row_inner equal_height=&#8221;yes&#8221; el_class=&#8221;agendarow&#8221;][vc_column_inner width=&#8221;1\/3&#8243;][vc_column_text]<strong>Settembre &#8211; Decembre 2013<\/strong><br \/>\nThe Voice Spagna[\/vc_column_text][\/vc_column_inner][vc_column_inner content_placement=&#8221;default&#8221; width=&#8221;1\/3&#8243; text_alignement=&#8221;center&#8221;][vc_column_text]<\/p>\n<p style=\"text-align: center;\">Mediaset Spagna\/ TV<br \/>\nProd. Boomerang\/ Talpa<\/p>\n<p>[\/vc_column_text][\/vc_column_inner][vc_column_inner content_placement=&#8221;default&#8221; width=&#8221;1\/3&#8243; text_alignement=&#8221;right&#8221;][\/vc_column_inner][\/vc_row_inner][vc_row_inner equal_height=&#8221;yes&#8221; el_class=&#8221;agendarow&#8221;][vc_column_inner width=&#8221;1\/3&#8243;][vc_column_text]<strong>Giugno 2013<\/strong><br \/>\nPROVA APERTA. Actor&#8217;s Studio J.C.Corazza\/ Conde Duque<br \/>\n-Teatro de la Reuni\u00f3n-[\/vc_column_text][\/vc_column_inner][vc_column_inner content_placement=&#8221;default&#8221; width=&#8221;1\/3&#8243; text_alignement=&#8221;center&#8221;][vc_column_text]<\/p>\n<p style=\"text-align: center;\">Livello II: &#8220;Se mi metto al tuo posto&#8221;. Scene tratte da: &#8220;Crimini del Cuore&#8221; \u00a0(Beth Henley), &#8220;27 Cottton Cars&#8221; (Tennesse Williams) y &#8220;Panorama dal Ponte&#8221; (Arthur Miller).<\/p>\n<p>[\/vc_column_text][\/vc_column_inner][vc_column_inner content_placement=&#8221;default&#8221; width=&#8221;1\/3&#8243; text_alignement=&#8221;right&#8221;][\/vc_column_inner][\/vc_row_inner][vc_row_inner equal_height=&#8221;yes&#8221; el_class=&#8221;agendarow&#8221;][vc_column_inner width=&#8221;1\/3&#8243;][vc_column_text]<strong>24, 26, 27 Giugno 2013<\/strong><br \/>\nPrattica scenica. Actor&#8217;s Studio J.C.Corazza\/ Conde Duque<br \/>\n-Teatro de la Reuni\u00f3n-[\/vc_column_text][\/vc_column_inner][vc_column_inner content_placement=&#8221;default&#8221; width=&#8221;1\/3&#8243; text_alignement=&#8221;center&#8221;][vc_column_text]<\/p>\n<p style=\"text-align: center;\">Beatriz<br \/>\nMolto rumore per nulla, Shakespeare<\/p>\n<p>[\/vc_column_text][\/vc_column_inner][vc_column_inner content_placement=&#8221;default&#8221; width=&#8221;1\/3&#8243; text_alignement=&#8221;right&#8221;][\/vc_column_inner][\/vc_row_inner][vc_row_inner equal_height=&#8221;yes&#8221; el_class=&#8221;agendarow&#8221;][vc_column_inner width=&#8221;1\/3&#8243;][vc_column_text]<strong>Marzo-Maggio 2013<\/strong><br \/>\nTeatro Espa\u00f1ol de Madrid.<br \/>\nDir. Hugo P\u00e9rez\/ Irina Kouberskaya[\/vc_column_text][\/vc_column_inner][vc_column_inner content_placement=&#8221;default&#8221; width=&#8221;1\/3&#8243; text_alignement=&#8221;center&#8221;][vc_column_text]<\/p>\n<p style=\"text-align: center;\">Maria<br \/>\n&#8220;Donde mira e ruise\u00f1or cuando cruje una rama&#8221;<\/p>\n<p>[\/vc_column_text][\/vc_column_inner][vc_column_inner content_placement=&#8221;default&#8221; width=&#8221;1\/3&#8243; text_alignement=&#8221;right&#8221;][\/vc_column_inner][\/vc_row_inner][vc_row_inner equal_height=&#8221;yes&#8221; el_class=&#8221;agendarow&#8221;][vc_column_inner width=&#8221;1\/3&#8243;][vc_column_text]<strong>Gennaio-Febbraio 2013<\/strong><br \/>\nTeatro Tribue\u00f1e Madrid.<br \/>\nDir. Hugo P\u00e9rez\/ Irina Kouberskaya[\/vc_column_text][\/vc_column_inner][vc_column_inner content_placement=&#8221;default&#8221; width=&#8221;1\/3&#8243; text_alignement=&#8221;center&#8221;][vc_column_text]<\/p>\n<p style=\"text-align: center;\">\u00a0 Maria<br \/>\n&#8220;Donde mira el Ruise\u00f1or cuando cruje una rama&#8221;<br \/>\n(Santo ritratto di Gabriele e Maria in 6 giorni che fanno 7 con il glorioso epilogo come Autosacramental)<\/p>\n<p>[\/vc_column_text][\/vc_column_inner][vc_column_inner content_placement=&#8221;default&#8221; width=&#8221;1\/3&#8243; text_alignement=&#8221;right&#8221;][\/vc_column_inner][\/vc_row_inner][vc_row_inner equal_height=&#8221;yes&#8221; el_class=&#8221;agendarow&#8221;][vc_column_inner width=&#8221;1\/3&#8243;][vc_column_text]<strong>Academia TV 2012<\/strong><\/p>\n<p>Premi Iris della Television<\/p>\n<p>[\/vc_column_text][\/vc_column_inner][vc_column_inner content_placement=&#8221;default&#8221; width=&#8221;1\/3&#8243; text_alignement=&#8221;center&#8221;][vc_column_text]<\/p>\n<p style=\"text-align: center;\">Soprano Solista<br \/>\nABC Musical Theater\/ Tour<\/p>\n<p>[\/vc_column_text][\/vc_column_inner][vc_column_inner content_placement=&#8221;default&#8221; width=&#8221;1\/3&#8243; text_alignement=&#8221;right&#8221;][\/vc_column_inner][\/vc_row_inner][vc_row_inner equal_height=&#8221;yes&#8221; el_class=&#8221;agendarow&#8221;][vc_column_inner width=&#8221;1\/3&#8243;][vc_column_text]<strong>Ottobre 2010 &#8211; Febbraio 2011<\/strong><br \/>\nCorpo, presenza e parola viva.[\/vc_column_text][\/vc_column_inner][vc_column_inner content_placement=&#8221;default&#8221; width=&#8221;1\/3&#8243; text_alignement=&#8221;center&#8221;][vc_column_text]<\/p>\n<p style=\"text-align: center;\">Corpo, presenza e parola viva.<\/p>\n<p style=\"text-align: center;\">Olga &#8211; Tre sorelle, Anton Ch\u00e9jov.<\/p>\n<p>[\/vc_column_text][\/vc_column_inner][vc_column_inner content_placement=&#8221;default&#8221; width=&#8221;1\/3&#8243; text_alignement=&#8221;right&#8221;][\/vc_column_inner][\/vc_row_inner][vc_row_inner equal_height=&#8221;yes&#8221; el_class=&#8221;agendarow&#8221;][vc_column_inner width=&#8221;1\/3&#8243;][vc_column_text]<strong>2009-2011<\/strong><br \/>\nGran Teatro Nacional de Alzira, Valencia<br \/>\nTeatre Giner (Carlet, Valencia)<br \/>\nTeatro Calder\u00f3n de Madrid<br \/>\nSala Manuel de Falla (Sgae, Madrid)<br \/>\nSala Berlanga de Madrid[\/vc_column_text][\/vc_column_inner][vc_column_inner content_placement=&#8221;default&#8221; width=&#8221;1\/3&#8243; text_alignement=&#8221;center&#8221;][vc_column_text]<\/p>\n<p style=\"text-align: center;\">Tour\/Teatro Musicale<br \/>\nDir. \u00c1ngela Carrasco<\/p>\n<p>[\/vc_column_text][\/vc_column_inner][vc_column_inner content_placement=&#8221;default&#8221; width=&#8221;1\/3&#8243; text_alignement=&#8221;right&#8221;][\/vc_column_inner][\/vc_row_inner][\/vc_column][\/vc_row][vc_row equal_height=&#8221;&#8221; font_color=&#8221;light&#8221; background_type=&#8221;image&#8221; background_color=&#8221;black&#8221;][vc_column][wvc_social_icons services=&#8221;facebook,youtube,twitter,instagram,twitch&#8221;][\/vc_column][\/vc_row]<\/p>\n","protected":false},"excerpt":{"rendered":"<p>[vc_row equal_height=&#8221;&#8221; background_type=&#8221;image&#8221; background_color=&#8221;white&#8221; background_effect=&#8221;zoomin&#8221; shift_y=&#8221;0&#8243; z_index=&#8221;0&#8243; row_name=&#8221;Agenda&#8221;][vc_column][vc_row_inner equal_height=&#8221;yes&#8221; el_class=&#8221;agendarow&#8221;][vc_column_inner width=&#8221;1\/3&#8243;][vc_column_text]26 MAGGIO 2023 \u2013 Palazzo Carlos de Amberes, Madrid. Diretto da Catherine LACOSTE[\/vc_column_text][\/vc_column_inner][vc_column_inner content_placement=&#8221;default&#8221; width=&#8221;1\/3&#8243; text_alignement=&#8221;center&#8221;][vc_column_text]Concerto e prima delle opere. Compositore: \u00c1ngel G. Pi\u00f1ero. Direttore artistico: Catherine Lacoste. Soprano: Est\u00edbaliz Martyn. Chitarra: Stanislav Stesenkov[\/vc_column_text][\/vc_column_inner][vc_column_inner content_placement=&#8221;default&#8221; width=&#8221;1\/3&#8243; text_alignement=&#8221;right&#8221;][vc_button title=&#8221;TICKETS &amp; INFO&#8221; shape=&#8221;rounded-less&#8221; align=&#8221;right&#8221; font_weight=&#8221;400&#8243; link=&#8221;url:http%3A%2F%2Fwww.estibalizmartyn.com|||&#8221;][\/vc_column_inner][\/vc_row_inner][vc_row_inner equal_height=&#8221;yes&#8221;&#8230;<\/p>\n<p><a rel=\"bookmark\" class=\"more-link\" href=\"https:\/\/www.estibalizmartyn.com\/it\/trayectoria\/\"><span>Continue reading<\/span><\/a><\/p>\n","protected":false},"author":1,"featured_media":2580,"parent":0,"menu_order":0,"comment_status":"closed","ping_status":"closed","template":"","meta":{"footnotes":""},"class_list":{"0":"post-2800","1":"page","2":"type-page","3":"status-publish","4":"has-post-thumbnail","5":"hentry","6":"entry","7":"clearfix","8":"entry-grid","9":"entry-columns-default","10":"entry-page-module-layout-standard","11":"thumbnail-color-tone-dark","12":"entry-page","14":"entry-page-grid"},"_links":{"self":[{"href":"https:\/\/www.estibalizmartyn.com\/it\/wp-json\/wp\/v2\/pages\/2800","targetHints":{"allow":["GET"]}}],"collection":[{"href":"https:\/\/www.estibalizmartyn.com\/it\/wp-json\/wp\/v2\/pages"}],"about":[{"href":"https:\/\/www.estibalizmartyn.com\/it\/wp-json\/wp\/v2\/types\/page"}],"author":[{"embeddable":true,"href":"https:\/\/www.estibalizmartyn.com\/it\/wp-json\/wp\/v2\/users\/1"}],"replies":[{"embeddable":true,"href":"https:\/\/www.estibalizmartyn.com\/it\/wp-json\/wp\/v2\/comments?post=2800"}],"version-history":[{"count":0,"href":"https:\/\/www.estibalizmartyn.com\/it\/wp-json\/wp\/v2\/pages\/2800\/revisions"}],"wp:featuredmedia":[{"embeddable":true,"href":"https:\/\/www.estibalizmartyn.com\/it\/wp-json\/wp\/v2\/media\/2580"}],"wp:attachment":[{"href":"https:\/\/www.estibalizmartyn.com\/it\/wp-json\/wp\/v2\/media?parent=2800"}],"curies":[{"name":"wp","href":"https:\/\/api.w.org\/{rel}","templated":true}]}}